{"id":1385,"date":"2024-04-24T21:11:37","date_gmt":"2024-04-24T21:11:37","guid":{"rendered":"https:\/\/yegtrackandfield.com\/journee-de-lathletisme-au-canada-edmonton\/"},"modified":"2025-06-16T18:43:01","modified_gmt":"2025-06-16T18:43:01","slug":"journee-de-lathletisme-au-canada-edmonton","status":"publish","type":"page","link":"https:\/\/yegtrackandfield.com\/fr\/journee-de-lathletisme-au-canada-edmonton\/","title":{"rendered":"Journ\u00e9e de l&rsquo;athl\u00e9tisme au Canada -Edmonton"},"content":{"rendered":"<div class=\"wpb-content-wrapper\"><p>[vc_row css_animation=\u00a0\u00bb\u00a0\u00bb row_type=\u00a0\u00bbrow\u00a0\u00bb use_row_as_full_screen_section=\u00a0\u00bbno\u00a0\u00bb type=\u00a0\u00bbfull_width\u00a0\u00bb angled_section=\u00a0\u00bbno\u00a0\u00bb text_align=\u00a0\u00bbleft\u00a0\u00bb background_image_as_pattern=\u00a0\u00bbwithout_pattern\u00a0\u00bb][vc_column][vc_empty_space][vc_video link=\u00a0\u00bbhttps:\/\/youtu.be\/AG9mshYGIPQ?feature=shared\u00a0\u00bb align=\u00a0\u00bbcenter\u00a0\u00bb title=\u00a0\u00bbC&apos;\u00e9tait vous. Vous pouvez \u00eatre eux.  \u00ab\u00a0][vc_empty_space][vc_column_text]<\/p>\n<p dir=\"ltr\">Lancement de la \u00ab Journ\u00e9e de l&rsquo;athl\u00e9tisme au Canada \u00bb, une s\u00e9rie d \u00ab \u00e9v\u00e9nements novateurs qui d\u00e9buteront \u00e0 l \u00bb \u00e9chelle nationale en juin 2024, c\u00e9l\u00e9brant le sport de l&rsquo;athl\u00e9tisme, qui comprend l&rsquo;athl\u00e9tisme, le para-athl\u00e9tisme, le cross-country et la course sur route, en montagne et sur sentier. Con\u00e7ues pour promouvoir l&rsquo;inclusion et l&rsquo;engagement communautaire, ces manifestations ciblent les populations sous-repr\u00e9sent\u00e9es, en particulier les nouveaux arrivants au Canada et les athl\u00e8tes handicap\u00e9s, tout en accueillant des participants de tous horizons.<\/p>\n<p>S&rsquo;\u00e9tendant sur l&rsquo;ensemble du territoire canadien, ces festivit\u00e9s mettront en lumi\u00e8re les diverses possibilit\u00e9s et int\u00e9r\u00eats qu&rsquo;offre le sport athl\u00e9tique. Qu&rsquo;il s&rsquo;agisse de sprinter sur la piste, de conqu\u00e9rir des sentiers accident\u00e9s ou de participer \u00e0 des \u00e9preuves de para-athl\u00e9tisme, chaque participant vivra une exp\u00e9rience passionnante. Participez \u00e0 un \u00e9v\u00e9nement de la Journ\u00e9e de l&rsquo;athl\u00e9tisme au Canada pr\u00e8s de chez vous !<\/p>\n<p dir=\"ltr\">\u00c0 Edmonton, la Journ\u00e9e de l&rsquo;athl\u00e9tisme au Canada sera c\u00e9l\u00e9br\u00e9e avec plusieurs centaines d&rsquo;\u00e9l\u00e8ves des conseils scolaires publics et catholiques d&rsquo;Edmonton. Apr\u00e8s une matin\u00e9e consacr\u00e9e au stade mobile et aux jeux du Programme des mini-l\u00e9gendes (les mini-Jeux olympiques !), ces \u00e9l\u00e8ves seront invit\u00e9s \u00e0 assister \u00e0 l&rsquo;Edmonton Athletics Invitational pour voir des athl\u00e8tes olympiques, des champions du monde et des athl\u00e8tes de haut niveau du monde entier participer \u00e0 des comp\u00e9titions ! Qu&rsquo;il s&rsquo;agisse de s&rsquo;essayer \u00e0 l&rsquo;athl\u00e9tisme ou de regarder les professionnels, ces \u00e9tudiants r\u00e9colteront les fruits de la Journ\u00e9e du sport au Canada !<\/p>\n<p dir=\"ltr\"><em>Le programme de subventions Athl\u00e9tisme pour tous est rendu possible par l&rsquo;initiative Sport de proximit\u00e9 pour tous du gouvernement du Canada.  <\/em><em>Ce projet a \u00e9t\u00e9 rendu possible en partie gr\u00e2ce au gouvernement du Canada. Ce projet a \u00e9t\u00e9 rendu possible en partie gr\u00e2ce au gouvernement du Canada.<\/em><\/p>\n<p dir=\"ltr\"><img decoding=\"async\" class=\"alignnone size-medium wp-image-1280 aligncenter\" src=\"https:\/\/yegtrackandfield.com\/wp-content\/uploads\/2024\/04\/MLP-badge_colour-4-259x300.png\" alt=\"\" width=\"259\" height=\"300\" srcset=\"https:\/\/yegtrackandfield.com\/wp-content\/uploads\/2024\/04\/MLP-badge_colour-4-259x300.png 259w, https:\/\/yegtrackandfield.com\/wp-content\/uploads\/2024\/04\/MLP-badge_colour-4-768x889.png 768w, https:\/\/yegtrackandfield.com\/wp-content\/uploads\/2024\/04\/MLP-badge_colour-4-700x811.png 700w, https:\/\/yegtrackandfield.com\/wp-content\/uploads\/2024\/04\/MLP-badge_colour-4.png 1050w\" sizes=\"(max-width: 259px) 100vw, 259px\" \/><\/p>\n<p>[\/vc_column_text][vc_separator type=\u00a0\u00bbnormal\u00a0\u00bb]<a  itemprop=\"url\" href=\"https:\/\/athleticsalberta.com\/\" target=\"_self\"  class=\"qbutton  big_large_full_width default\" style=\"\">En savoir plus sur l&#039;athl\u00e9tisme en Alberta<\/a>[\/vc_column][\/vc_row][vc_row css_animation=\u00a0\u00bb\u00a0\u00bb row_type=\u00a0\u00bbrow\u00a0\u00bb use_row_as_full_screen_section=\u00a0\u00bbno\u00a0\u00bb type=\u00a0\u00bbfull_width\u00a0\u00bb angled_section=\u00a0\u00bbno\u00a0\u00bb text_align=\u00a0\u00bbleft\u00a0\u00bb background_image_as_pattern=\u00a0\u00bbwithout_pattern\u00a0\u00bb][vc_column width=\u00a0\u00bb1\/2&Prime;][vc_empty_space][vc_gallery type=\u00a0\u00bbimage_grid\u00a0\u00bb images=\u00a0\u00bb593,591&Prime; img_size=\u00a0\u00bbfull\u00a0\u00bb onclick=\u00a0\u00bb\u00a0\u00bb css_animation=\u00a0\u00bbnone\u00a0\u00bb column_number=\u00a0\u00bb2&Prime; grayscale=\u00a0\u00bbno\u00a0\u00bb images_space=\u00a0\u00bbgallery_with_space\u00a0\u00bb][vc_empty_space][\/vc_column][vc_column width=\u00a0\u00bb1\/2&Prime;][vc_empty_space][vc_empty_space][vc_gallery type=\u00a0\u00bbimage_grid\u00a0\u00bb images=\u00a0\u00bb663&Prime; img_size=\u00a0\u00bblarge\u00a0\u00bb onclick=\u00a0\u00bb\u00a0\u00bb css_animation=\u00a0\u00bbnone\u00a0\u00bb column_number=\u00a0\u00bb2&Prime; grayscale=\u00a0\u00bbno\u00a0\u00bb images_space=\u00a0\u00bbgallery_with_space\u00a0\u00bb][vc_empty_space][\/vc_column][\/vc_row]<\/p>\n<\/div>","protected":false},"excerpt":{"rendered":"<p>[vc_row css_animation=\u00a0\u00bb\u00a0\u00bb row_type=\u00a0\u00bbrow\u00a0\u00bb use_row_as_full_screen_section=\u00a0\u00bbno\u00a0\u00bb type=\u00a0\u00bbfull_width\u00a0\u00bb angled_section=\u00a0\u00bbno\u00a0\u00bb text_align=\u00a0\u00bbleft\u00a0\u00bb background_image_as_pattern=\u00a0\u00bbwithout_pattern\u00a0\u00bb][vc_column][vc_empty_space][vc_video link=\u00a0\u00bbhttps:\/\/youtu.be\/AG9mshYGIPQ?feature=shared\u00a0\u00bb align=\u00a0\u00bbcenter\u00a0\u00bb title=\u00a0\u00bbC&apos;\u00e9tait vous. Vous pouvez \u00eatre eux. \u00ab\u00a0][vc_empty_space][vc_column_text] Lancement de la \u00ab Journ\u00e9e de l&rsquo;athl\u00e9tisme au Canada \u00bb, une s\u00e9rie d \u00ab \u00e9v\u00e9nements novateurs qui d\u00e9buteront \u00e0 l \u00bb \u00e9chelle nationale en juin 2024, c\u00e9l\u00e9brant le&#8230;<\/p>\n","protected":false},"author":1,"featured_media":0,"parent":0,"menu_order":0,"comment_status":"closed","ping_status":"closed","template":"","meta":{"_monsterinsights_skip_tracking":false,"_monsterinsights_sitenote_active":false,"_monsterinsights_sitenote_note":"","_monsterinsights_sitenote_category":0,"footnotes":""},"class_list":["post-1385","page","type-page","status-publish","hentry"],"_links":{"self":[{"href":"https:\/\/yegtrackandfield.com\/fr\/wp-json\/wp\/v2\/pages\/1385","targetHints":{"allow":["GET"]}}],"collection":[{"href":"https:\/\/yegtrackandfield.com\/fr\/wp-json\/wp\/v2\/pages"}],"about":[{"href":"https:\/\/yegtrackandfield.com\/fr\/wp-json\/wp\/v2\/types\/page"}],"author":[{"embeddable":true,"href":"https:\/\/yegtrackandfield.com\/fr\/wp-json\/wp\/v2\/users\/1"}],"replies":[{"embeddable":true,"href":"https:\/\/yegtrackandfield.com\/fr\/wp-json\/wp\/v2\/comments?post=1385"}],"version-history":[{"count":3,"href":"https:\/\/yegtrackandfield.com\/fr\/wp-json\/wp\/v2\/pages\/1385\/revisions"}],"predecessor-version":[{"id":1389,"href":"https:\/\/yegtrackandfield.com\/fr\/wp-json\/wp\/v2\/pages\/1385\/revisions\/1389"}],"wp:attachment":[{"href":"https:\/\/yegtrackandfield.com\/fr\/wp-json\/wp\/v2\/media?parent=1385"}],"curies":[{"name":"wp","href":"https:\/\/api.w.org\/{rel}","templated":true}]}}